{"id":16,"date":"2016-12-01T12:18:49","date_gmt":"2016-12-01T12:18:49","guid":{"rendered":"http:\/\/www.apadepilepsia.es\/?page_id=16"},"modified":"2018-09-10T13:13:26","modified_gmt":"2018-09-10T11:13:26","slug":"area-social","status":"publish","type":"page","link":"https:\/\/www.apadepilepsia.es\/index.php\/area-social\/","title":{"rendered":"\u00c1rea Social y Servicios"},"content":{"rendered":"<p><strong>Ubicaci\u00f3n:<\/strong><br \/>\nC\/ Mayorazgo, 25 Hotel de Asociaciones, despacho 10<br \/>\nLegan\u00e9s 28915 &#8211; Madrid<\/p>\n<p><strong>Tel\u00e9fono y Fax:<\/strong> 91 481 08 79<\/p>\n<p><strong><img loading=\"lazy\" class=\"size-full wp-image-84 alignright\" src=\"https:\/\/www.apadepilepsia.es\/wp-content\/uploads\/2016\/12\/ubicacion.png\" alt=\"ubicacion\" width=\"300\" height=\"218\" \/>Movil:<\/strong> 608.922.352<\/p>\n<p><strong>E-mail:<\/strong> apade@apadepilepsia.es<\/p>\n<p><strong>Atenci\u00f3n al usuario:<\/strong><br \/>\nMartes y Jueves de 17:00h. a 19:00h.<\/p>\n<p><strong><br \/>\nAPOYO PSICOL\u00d3GICO<br \/>\n<\/strong>Atenci\u00f3n personalizada con cita previa. Un\u00a0d\u00eda a la semana.<\/p>\n","protected":false},"excerpt":{"rendered":"<p>Ubicaci\u00f3n: C\/ Mayorazgo, 25 Hotel de Asociaciones, despacho 10 Legan\u00e9s 28915 &#8211; Madrid Tel\u00e9fono y Fax: 91 481 08 79 Movil: 608.922.352 E-mail: apade@apadepilepsia.es Atenci\u00f3n al usuario: Martes y Jueves de 17:00h. a 19:00h. APOYO PSICOL\u00d3GICO Atenci\u00f3n personalizada con cita previa. Un\u00a0d\u00eda a la semana.<\/p>\n","protected":false},"author":1,"featured_media":0,"parent":0,"menu_order":0,"comment_status":"closed","ping_status":"closed","template":"","meta":[],"_links":{"self":[{"href":"https:\/\/www.apadepilepsia.es\/index.php\/wp-json\/wp\/v2\/pages\/16"}],"collection":[{"href":"https:\/\/www.apadepilepsia.es\/index.php\/wp-json\/wp\/v2\/pages"}],"about":[{"href":"https:\/\/www.apadepilepsia.es\/index.php\/wp-json\/wp\/v2\/types\/page"}],"author":[{"embeddable":true,"href":"https:\/\/www.apadepilepsia.es\/index.php\/wp-json\/wp\/v2\/users\/1"}],"replies":[{"embeddable":true,"href":"https:\/\/www.apadepilepsia.es\/index.php\/wp-json\/wp\/v2\/comments?post=16"}],"version-history":[{"count":13,"href":"https:\/\/www.apadepilepsia.es\/index.php\/wp-json\/wp\/v2\/pages\/16\/revisions"}],"predecessor-version":[{"id":312,"href":"https:\/\/www.apadepilepsia.es\/index.php\/wp-json\/wp\/v2\/pages\/16\/revisions\/312"}],"wp:attachment":[{"href":"https:\/\/www.apadepilepsia.es\/index.php\/wp-json\/wp\/v2\/media?parent=16"}],"curies":[{"name":"wp","href":"https:\/\/api.w.org\/{rel}","templated":true}]}}